{"id":987,"date":"2026-03-05T16:12:08","date_gmt":"2026-03-05T15:12:08","guid":{"rendered":"https:\/\/www.jlu.universite-paris-saclay.fr\/?page_id=987"},"modified":"2026-04-20T14:11:27","modified_gmt":"2026-04-20T13:11:27","slug":"jlu-2025","status":"publish","type":"page","link":"https:\/\/www.jlu.universite-paris-saclay.fr\/?page_id=987","title":{"rendered":"JLU 2025"},"content":{"rendered":"\n<p class=\"has-black-color has-text-color has-link-color wp-elements-f09ab12ba2790469520f96e1972bd285\">JLU \u00e9dition 2025, c&rsquo;est d\u00e9j\u00e0 fini !<\/p>\n\n\n\n<figure class=\"wp-block-image\"><a href=\"http:\/\/www.jlu.universite-paris-saclay.fr\/wp-content\/uploads\/2025\/07\/Image_JLU2025.jpg\"><img loading=\"lazy\" decoding=\"async\" width=\"300\" height=\"138\" src=\"http:\/\/www.jlu.universite-paris-saclay.fr\/wp-content\/uploads\/2025\/07\/Image_JLU2025-300x138.jpg\" alt=\"\" class=\"wp-image-982\" srcset=\"https:\/\/www.jlu.universite-paris-saclay.fr\/wp-content\/uploads\/2025\/07\/Image_JLU2025-300x138.jpg 300w, https:\/\/www.jlu.universite-paris-saclay.fr\/wp-content\/uploads\/2025\/07\/Image_JLU2025-1024x471.jpg 1024w, https:\/\/www.jlu.universite-paris-saclay.fr\/wp-content\/uploads\/2025\/07\/Image_JLU2025-768x353.jpg 768w, https:\/\/www.jlu.universite-paris-saclay.fr\/wp-content\/uploads\/2025\/07\/Image_JLU2025.jpg 1106w\" sizes=\"auto, (max-width: 300px) 100vw, 300px\" \/><\/a><\/figure>\n\n\n\n<hr class=\"wp-block-separator has-alpha-channel-opacity\"\/>\n\n\n\n<p>La JLU 2025 s&rsquo;est tenue le <strong>mercredi 21 mai 2025<\/strong> (9h-16h30) sur le th\u00e8me :<\/p>\n\n\n\n<h1 class=\"wp-block-heading\">\u00ab\u00a0L&rsquo;\u00e9crit dans l&rsquo;enseignement aujourd&rsquo;hui, difficult\u00e9s et perspectives : vos regards crois\u00e9s d&rsquo;enseignants du secondaire et du sup\u00e9rieur\u00a0\u00bb<\/h1>\n\n\n\n<p>sous la direction de <strong>Dominique Bucheton<\/strong>, Professeur honoraire des Universit\u00e9s, sp\u00e9cialiste du pouvoir r\u00e9flexif du langage, des gestes professionnels et des postures des enseignants,<\/p>\n\n\n\n<p>et <strong>Danielle Alexandre<\/strong>, Formatrice, Professeur agr\u00e9g\u00e9e de Lettres modernes, coordonnatrice de plusieurs ouvrages de p\u00e9dagogie du CRDP et du Minist\u00e8re de l&rsquo;Education Nationale.<\/p>\n\n\n\n<p>Les 70 participants, enseignants du second degr\u00e9, enseignants du sup\u00e9rieur, et \u00e9tudiants futurs enseignants ont \u00e9chang\u00e9 sur leurs pratiques et en sont ressortis tr\u00e8s satisfaits :<\/p>\n\n\n\n<figure class=\"wp-block-image\"><a href=\"http:\/\/www.jlu.universite-paris-saclay.fr\/wp-content\/uploads\/2025\/07\/Eval_JLU2025-points-cles-3.jpg\"><img loading=\"lazy\" decoding=\"async\" width=\"283\" height=\"300\" src=\"http:\/\/www.jlu.universite-paris-saclay.fr\/wp-content\/uploads\/2025\/07\/Eval_JLU2025-points-cles-3-283x300.jpg\" alt=\"\" class=\"wp-image-983\" srcset=\"https:\/\/www.jlu.universite-paris-saclay.fr\/wp-content\/uploads\/2025\/07\/Eval_JLU2025-points-cles-3-283x300.jpg 283w, https:\/\/www.jlu.universite-paris-saclay.fr\/wp-content\/uploads\/2025\/07\/Eval_JLU2025-points-cles-3.jpg 684w\" sizes=\"auto, (max-width: 283px) 100vw, 283px\" \/><\/a><\/figure>\n\n\n\n<p><strong>Lieu et date<\/strong> : facult\u00e9 des sciences d\u2019Orsay. Bat 338.<\/p>\n\n\n\n<p><strong>Objectifs<\/strong> : mieux cerner la diversit\u00e9 des \u00e9crits des \u00e9l\u00e8ves et \u00e9tudiants dans diverses situations d\u2019enseignement et d\u2019\u00e9valuation et les difficult\u00e9s possibles au passage lyc\u00e9e\/universit\u00e9, partager et collaborer entre coll\u00e8gues de lyc\u00e9e et du sup\u00e9rieur pour identifier des gestes professionnels favorisant des usages pertinents de l\u2019\u00e9crit,&nbsp;identifier des pistes pour stimuler et d\u00e9velopper l\u2019usage de l\u2019\u00e9crit par les \u00e9l\u00e8ves et \u00e9tudiants, s\u2019interroger sur les apports du num\u00e9rique pour les apprentissages.<\/p>\n\n\n\n<p><strong>D\u00e9roulement<\/strong> : Ateliers s\u2019appuyant sur des vid\u00e9os et \u00e9crits d\u2019\u00e9l\u00e8ves et \u00e9tudiants dans diverses situations de CM, TD et TP de sciences&nbsp;(vous pouvez \u00e9ventuellement proposer des contributions en amont), apports th\u00e9oriques en soutien aux pistes et questions issues des ateliers. D\u00e9jeuner sur place offert. Un prolongement d\u2019une heure en distanciel une semaine apr\u00e8s est propos\u00e9 aux int\u00e9ress\u00e9s.<\/p>\n\n\n\n<p><strong>Modalit\u00e9s d\u2019inscription<\/strong> : inscription possible via le Plan acad\u00e9mique de formation pour les enseignants du second degr\u00e9, inscription pour tous de d\u00e9but avril au 6 mai sur la page <strong>Inscriptions<\/strong>.<\/p>\n\n\n\n<p>Les documentalistes et biblioth\u00e9caires de la biblioth\u00e8que universitaire de Paris-Saclay seront pr\u00e9sents et proposeront une bibliographie en relation avec le th\u00e8me de la journ\u00e9e.<\/p>\n\n\n\n<h2 class=\"wp-block-heading\">Anticiper et prolonger le travail effectu\u00e9<\/h2>\n\n\n\n<p>Contrairement aux autres \u00e9ditions des Journ\u00e9es Lyc\u00e9e-Universit\u00e9, nous n&rsquo;avons pas sollicit\u00e9 de posters pour cette \u00e9dition, et nous n&rsquo;avons pas propos\u00e9 d&rsquo;atelier au choix. Nous avons fait le pari d&rsquo;un th\u00e8me f\u00e9d\u00e9rateur, celui de l&rsquo;\u00e9crit dans l&rsquo;enseignement, avec un focus sur les productions d&rsquo;\u00e9tudiants et d&rsquo;\u00e9l\u00e8ves le matin, et un focus sur les pratiques des enseignants pour accompagner l&rsquo;usage de l&rsquo;\u00e9crit l&rsquo;apr\u00e8s-midi. Nous avons fait la part belle aux travaux de groupe pour mettre en \u0153uvre le concept de collaboration qui a \u00e9t\u00e9 travaill\u00e9 dans les \u00e9ditions de 2023 et 2024. Pour les volontaires, la journ\u00e9e a \u00e9t\u00e9 prolong\u00e9e par une heure en distanciel le mercredi 28 mai de 14h30 \u00e0 15h30 (connexion conseill\u00e9e \u00e0 14h).<\/p>\n\n\n\n<h2 class=\"wp-block-heading\" style=\"font-style:normal;font-weight:300;letter-spacing:1px\">Retour en images <\/h2>\n\n\n\n<figure class=\"wp-block-embed is-type-video is-provider-youtube wp-block-embed-youtube wp-embed-aspect-16-9 wp-has-aspect-ratio\"><div class=\"wp-block-embed__wrapper\">\n<iframe loading=\"lazy\" title=\"Retour sur la journ\u00e9e lyc\u00e9e-universit\u00e9 2025\" width=\"525\" height=\"295\" src=\"https:\/\/www.youtube.com\/embed\/FBvgMQU6GbQ?feature=oembed\" frameborder=\"0\" allow=\"accelerometer; autoplay; clipboard-write; encrypted-media; gyroscope; picture-in-picture; web-share\" referrerpolicy=\"strict-origin-when-cross-origin\" allowfullscreen><\/iframe>\n<\/div><\/figure>\n\n\n\n<p><\/p>\n\n\n\n<p>Rendez-vous en 2026 pour une nouvelle \u00e9dition ! Plus de pr\u00e9cisions concernant le th\u00e8me en janvier 2026 sur ce site !<\/p>\n\n\n\n<p class=\"has-black-color has-text-color has-link-color wp-elements-da1c3ce1de5bbaea21c6277af6ed3ac4\">Vous pouvez adresser commentaires, questions et suggestions \u00e0 la responsable p\u00e9dagogique de la journ\u00e9e, Guislaine Refr\u00e9gier (guislaine.refregier@universite-paris-saclay.fr \/ jlu.sciences@universite-paris-saclay.fr), formatrice en master MEEF-SVT et en modules de pr\u00e9professionnalisation \u00e0 l&rsquo;enseignement sur la facult\u00e9 des sciences.<\/p>\n\n\n\n<p><\/p>\n","protected":false},"excerpt":{"rendered":"<p>JLU \u00e9dition 2025, c&rsquo;est d\u00e9j\u00e0 fini ! La JLU 2025 s&rsquo;est tenue le mercredi 21 mai 2025 (9h-16h30) sur le th\u00e8me : \u00ab\u00a0L&rsquo;\u00e9crit dans l&rsquo;enseignement aujourd&rsquo;hui, difficult\u00e9s et perspectives : vos regards crois\u00e9s d&rsquo;enseignants du secondaire et du sup\u00e9rieur\u00a0\u00bb sous la direction de Dominique Bucheton, Professeur honoraire des Universit\u00e9s, sp\u00e9cialiste du pouvoir r\u00e9flexif du langage, &hellip; <\/p>\n<p class=\"link-more\"><a href=\"https:\/\/www.jlu.universite-paris-saclay.fr\/?page_id=987\" class=\"more-link\">Continuer la lecture<span class=\"screen-reader-text\"> de &laquo;&nbsp;JLU 2025&nbsp;&raquo;<\/span><\/a><\/p>\n","protected":false},"author":1,"featured_media":0,"parent":0,"menu_order":0,"comment_status":"closed","ping_status":"closed","template":"","meta":{"footnotes":""},"class_list":["post-987","page","type-page","status-publish","hentry"],"_links":{"self":[{"href":"https:\/\/www.jlu.universite-paris-saclay.fr\/index.php?rest_route=\/wp\/v2\/pages\/987","targetHints":{"allow":["GET"]}}],"collection":[{"href":"https:\/\/www.jlu.universite-paris-saclay.fr\/index.php?rest_route=\/wp\/v2\/pages"}],"about":[{"href":"https:\/\/www.jlu.universite-paris-saclay.fr\/index.php?rest_route=\/wp\/v2\/types\/page"}],"author":[{"embeddable":true,"href":"https:\/\/www.jlu.universite-paris-saclay.fr\/index.php?rest_route=\/wp\/v2\/users\/1"}],"replies":[{"embeddable":true,"href":"https:\/\/www.jlu.universite-paris-saclay.fr\/index.php?rest_route=%2Fwp%2Fv2%2Fcomments&post=987"}],"version-history":[{"count":11,"href":"https:\/\/www.jlu.universite-paris-saclay.fr\/index.php?rest_route=\/wp\/v2\/pages\/987\/revisions"}],"predecessor-version":[{"id":1134,"href":"https:\/\/www.jlu.universite-paris-saclay.fr\/index.php?rest_route=\/wp\/v2\/pages\/987\/revisions\/1134"}],"wp:attachment":[{"href":"https:\/\/www.jlu.universite-paris-saclay.fr\/index.php?rest_route=%2Fwp%2Fv2%2Fmedia&parent=987"}],"curies":[{"name":"wp","href":"https:\/\/api.w.org\/{rel}","templated":true}]}}