{"id":135,"date":"2018-02-08T13:44:08","date_gmt":"2018-02-08T12:44:08","guid":{"rendered":"http:\/\/www.jlu.u-psud.fr\/?page_id=135"},"modified":"2024-05-17T14:51:52","modified_gmt":"2024-05-17T13:51:52","slug":"programme","status":"publish","type":"page","link":"https:\/\/www.jlu.universite-paris-saclay.fr\/?page_id=135","title":{"rendered":"Programme JLU 2024"},"content":{"rendered":"\n<p><\/p>\n\n\n\n<p>Conf\u00e9rence de 9h30 :\u00a0 \u00ab\u00a0<strong>Les principes de la p\u00e9dagogie coop\u00e9rative, enseignements pour l&rsquo;\u00e9ducation au d\u00e9veloppement soutenable<\/strong>\u00ab\u00a0<\/p>\n\n\n\n<p><strong>C\u00e9line BUCHS<\/strong>, Professeure \u00e0 la Haute Ecole P\u00e9dagogique du canton de Vaud, Suisse, sp\u00e9cialis\u00e9e dans les dynamiques sociales dans les situations d\u2019enseignement-apprentissage<\/p>\n\n\n\n<p>et <strong>Pascal PANSU<\/strong>, Professeur de Psychologie Sociale de l\u2019Education, Univ. Grenoble Alpes.<\/p>\n\n\n\n<p>ATELIERS 11h15-13h et 15h30-17h15<\/p>\n\n\n\n<figure class=\"wp-block-table\"><table><tbody><tr><td><strong>1. La structuration coop\u00e9rative<\/strong>, comment s\u00e9lectionner un axe prioritaire<\/td><td>C\u00e9line Buchs (HEPL, P\u00e9dagogie, conf\u00e9renci\u00e8re de la matin\u00e9e)<\/td><\/tr><tr><td><strong>2. D\u00e9velopper des apprentissages coop\u00e9ratifs<\/strong> et collaboratifs autour des <strong>enjeux environnementaux<\/strong> dans une d\u00e9marche d\u00e9lib\u00e9rative<\/td><td>Jean-Marc Douguet (UVSQ, \u00e9conomie)<\/td><\/tr><tr><td>3. Mind the gap ! vivez un <strong>dispositif coop\u00e9ratif<\/strong> pour mieux <strong>comprendre les difficult\u00e9s des \u00e9tudiantes et \u00e9tudiants<\/strong> face aux attentes des enseignantes et enseignants <strong>\u00e0 l&rsquo;entr\u00e9e \u00e0 l&rsquo;universit\u00e9<\/strong><\/td><td>Isabelle Bournaud, Ghislaine Gueudet, Magali Gallezot (lab. EST, U.Paris-Saclay, Didactique)<\/td><\/tr><tr><td><strong>4. De l&rsquo;autre cot\u00e9 du bac<\/strong>&#8230; explorer des exercices des coll\u00e8gues de SVT\/Biologie et\/ou PC\/Physique (et partager \u00e9ventuellement les siens)<\/td><td>Guislaine Refr\u00e9gier (Biologie, U.Paris-Saclay), Guillaume Kasperski (Physique, U.Paris-Saclay)<\/td><\/tr><tr><td><strong>5. Utiliser l&rsquo;outil fresque pour aborder la transition environnementale<\/strong> &#8211; exemple de la Fresque du climat et\/ou fresque du num\u00e9rique junior<\/td><td>Laure Plan\u00e7on (Biologie, Univ. Paris-Saclay), intervenant suppl\u00e9mentaire sous r\u00e9serve de confirmation<\/td><\/tr><tr><td><strong>6. Reconna\u00eetre pour mieux conna\u00eetre<\/strong> \u2013 la botanique et notre lien \u00e0 la nature<\/td><td>Christine Vassiliadis et Sophie Nadot (Biologie, U. Paris-Saclay)<\/td><\/tr><tr><td><strong>7. Initiation au th\u00e9\u00e2tre forum<\/strong> : comment am\u00e9liorer les relations de collaboration entre pairs sur le terrain !<\/td><td>Raphaele Sabater (Cie NAJE) et C\u00e9cile Bouton(CNRS, Centre p\u00e9dagogie, U. Paris-Saclay)<\/td><\/tr><tr><td><strong>8. D\u00e9couvrir les possibilit\u00e9s de la plateforme WIMS<\/strong> (d\u00e9butant) : apprendre et s&rsquo;entra\u00eener en math\u00e9matiques sur les notions n\u00e9cessaires en sciences dans l&rsquo;enseignement secondaire et sup\u00e9rieur<\/td><td>Gilles Marbeuf (Groupe euler, Ac Versailles), Aude Duhem (Groupe euler, Ac Versailles)<\/td><\/tr><tr><td><strong>9. Utiliser la plateforme WIMS<\/strong> (initi\u00e9) : collaborer, partager et mutualiser des ressources de math\u00e9matiques pour les sciences du lyc\u00e9e au sup\u00e9rieur<\/td><td>Gilles Marbeuf (Groupe euler, Ac Versailles)<\/td><\/tr><\/tbody><\/table><\/figure>\n\n\n\n<p>Visualisez les <a href=\"https:\/\/www.jlu.universite-paris-saclay.fr\/?p=910\" target=\"_blank\" rel=\"noreferrer noopener\">r\u00e9sum\u00e9s d\u00e9taill\u00e9s des ateliers<\/a> pour affiner votre choix.<\/p>\n\n\n\n<p><strong>Posters<\/strong><\/p>\n\n\n\n<figure class=\"wp-block-table\"><table><tbody><tr><td><strong>Titre poster<\/strong><\/td><td><strong>Auteurs<\/strong><\/td><\/tr><tr><td>Pr\u00e9sentation de l&rsquo;\u00e9quipe enseignement du GDR Labos1point5<\/td><td>Guillaume Blanc, Enseignant-chercheur Physique, Univ. Paris-Saclay, R\u00e9f\u00e9rent D\u00e9v. Durable IN2P3.<\/td><\/tr><tr><td>Le SPOC \u00ab\u00a0Enjeux de la Transition Ecologique\u00a0\u00bb \u00e0 Paris-Saclay<\/td><td>Laurent Audouin, Enseignant-chercheur Physique, Univ. Paris-Saclay, Responsable du SPOC<\/td><\/tr><tr><td>Le projet G\u00e9nome \u00e0 l&rsquo;\u00e9cole au lyc\u00e9e de S\u00e8vres : notre 10e ann\u00e9e de participation<\/td><td>Herv\u00e9 Levesque, Enseignant de SVT, Lyc\u00e9e J-P Vernant, S\u00e8vres, Ac. Versailles.<\/td><\/tr><tr><td>Un parcours \u00e9cologique comme projet d&rsquo;\u00e9ducation au d\u00e9veloppement durable \u00ab\u00a0Sauvegarde de l&rsquo;\u00e9tang\u00a0\u00bb<\/td><td>Amal Talamali, Enseignante de Biologie, Lyc\u00e9e St-Antoine de Marcoussis,  Fondation des Apprentis d&rsquo;Auteuil, Minist\u00e8re de l&rsquo;Agriculture.<\/td><\/tr><tr><td>De l&rsquo;autre cot\u00e9 du bac&#8230; c&rsquo;est diff\u00e9rent. Une \u00e9tude exploratoire men\u00e9e par des universitaires<\/td><td>Guillaume Kasperski et Guislaine Refr\u00e9gier, Ensiegnants-chercheurs Phyisque et Biologie, Univ. Paris-Saclay.<\/td><\/tr><tr><td>Wims, un dispositif collaboratif<\/td><td>Gilles Marbeuf, groupe Euler, Ac. Versailles.<\/td><\/tr><\/tbody><\/table><\/figure>\n\n\n\n<p><a href=\"https:\/\/www.jlu.universite-paris-saclay.fr\/?page_id=293\" target=\"_blank\" rel=\"noreferrer noopener\">Retrouvez le programme de la JLU 2023, les vid\u00e9os et les supports des ateliers et quelques posters des pr\u00e9c\u00e9dentes \u00e9ditions<\/a><\/p>\n","protected":false},"excerpt":{"rendered":"<p>Conf\u00e9rence de 9h30 :\u00a0 \u00ab\u00a0Les principes de la p\u00e9dagogie coop\u00e9rative, enseignements pour l&rsquo;\u00e9ducation au d\u00e9veloppement soutenable\u00ab\u00a0 C\u00e9line BUCHS, Professeure \u00e0 la Haute Ecole P\u00e9dagogique du canton de Vaud, Suisse, sp\u00e9cialis\u00e9e dans les dynamiques sociales dans les situations d\u2019enseignement-apprentissage et Pascal PANSU, Professeur de Psychologie Sociale de l\u2019Education, Univ. Grenoble Alpes. ATELIERS 11h15-13h et 15h30-17h15 1. &hellip; <\/p>\n<p class=\"link-more\"><a href=\"https:\/\/www.jlu.universite-paris-saclay.fr\/?page_id=135\" class=\"more-link\">Continuer la lecture<span class=\"screen-reader-text\"> de &laquo;&nbsp;Programme JLU 2024&nbsp;&raquo;<\/span><\/a><\/p>\n","protected":false},"author":3,"featured_media":0,"parent":0,"menu_order":0,"comment_status":"closed","ping_status":"closed","template":"","meta":{"footnotes":""},"class_list":["post-135","page","type-page","status-publish","hentry"],"_links":{"self":[{"href":"https:\/\/www.jlu.universite-paris-saclay.fr\/index.php?rest_route=\/wp\/v2\/pages\/135","targetHints":{"allow":["GET"]}}],"collection":[{"href":"https:\/\/www.jlu.universite-paris-saclay.fr\/index.php?rest_route=\/wp\/v2\/pages"}],"about":[{"href":"https:\/\/www.jlu.universite-paris-saclay.fr\/index.php?rest_route=\/wp\/v2\/types\/page"}],"author":[{"embeddable":true,"href":"https:\/\/www.jlu.universite-paris-saclay.fr\/index.php?rest_route=\/wp\/v2\/users\/3"}],"replies":[{"embeddable":true,"href":"https:\/\/www.jlu.universite-paris-saclay.fr\/index.php?rest_route=%2Fwp%2Fv2%2Fcomments&post=135"}],"version-history":[{"count":191,"href":"https:\/\/www.jlu.universite-paris-saclay.fr\/index.php?rest_route=\/wp\/v2\/pages\/135\/revisions"}],"predecessor-version":[{"id":925,"href":"https:\/\/www.jlu.universite-paris-saclay.fr\/index.php?rest_route=\/wp\/v2\/pages\/135\/revisions\/925"}],"wp:attachment":[{"href":"https:\/\/www.jlu.universite-paris-saclay.fr\/index.php?rest_route=%2Fwp%2Fv2%2Fmedia&parent=135"}],"curies":[{"name":"wp","href":"https:\/\/api.w.org\/{rel}","templated":true}]}}